{"id":7695,"date":"2020-05-07T16:24:51","date_gmt":"2020-05-07T14:24:51","guid":{"rendered":"https:\/\/www.fermelepavillon.com\/?page_id=7695"},"modified":"2026-03-26T23:31:28","modified_gmt":"2026-03-26T22:31:28","slug":"decouvrir","status":"publish","type":"page","link":"https:\/\/www.fermelepavillon.com\/fr\/decouvrir\/","title":{"rendered":"D\u00e9couvrir"},"content":{"rendered":"<p>[vc_row simple_background_color=\u00a0\u00bb#f7f8f9&Prime; css=\u00a0\u00bb.vc_custom_1511187963893{padding-top: 130px !important;padding-bottom: 130px !important;}\u00a0\u00bb][vc_column][vc_row_inner row_content_width=\u00a0\u00bbgrid\u00a0\u00bb][vc_column_inner]<div class=\"eltd-elements-holder   eltd-two-columns  eltd-responsive-mode-768 \" ><div class=\"eltd-eh-item    \"  data-item-class=\"eltd-eh-custom-6221\">\n\t<div class=\"eltd-eh-item-inner\">\n\t\t<div class=\"eltd-eh-item-content eltd-eh-custom-6221\" style=\"padding: 0 0 0 0\">\n\t\t\t<div class=\"eltd-image-gallery  eltd-ig-slider-type eltd-large-space   eltd-custom-nav eltd-custom-nav-right eltd-hide-pagination\">\n\t<div class=\"eltd-ig-slider eltd-owl-slider\" data-number-of-items=\"1\" data-enable-loop=\"yes\" data-enable-autoplay=\"yes\" data-slider-speed=\"5000\" data-slider-speed-animation=\"600\" data-slider-padding=\"no\" data-enable-navigation=\"yes\" data-enable-custom-navigation=\"yes\" data-enable-pagination=\"yes\" data-slider-animate-out=\"fadeOut\">\n\t\t\t\t\t<div class=\"eltd-ig-image\">\n\t\t\t\t\t\t\t\t\t<img data-recalc-dims=\"1\" loading=\"lazy\" decoding=\"async\" src=\"https:\/\/i0.wp.com\/www.fermelepavillon.com\/wp-content\/uploads\/2025\/10\/IMG_8215_VSCO-1-scaled.jpeg?resize=1000%2C1000&#038;ssl=1\" alt=\"\" width=\"1000\" height=\"1000\" \/>\t\t\t\t\t\t\t<\/div>\n\t\t\t<\/div>\n<\/div>\t\t<\/div>\n\t<\/div>\n<\/div><div class=\"eltd-eh-item   eltd-horizontal-alignment-center \" style=\"background-color: #ffffff\" data-item-class=\"eltd-eh-custom-3054\" data-1280-1600=\"0 11% 0 11%\" data-1024-1280=\"0 11% 0 11%\" data-768-1024=\"0px 5% 0px 5%\" data-680-768=\"27% 14% 27% 14%\">\n\t<div class=\"eltd-eh-item-inner\">\n\t\t<div class=\"eltd-eh-item-content eltd-eh-custom-3054\" style=\"padding: 0 10% 0 10%\">\n\t\t\t<div class=\"eltd-section-title-holder eltd-separator-disabled  \" >\n    <div class=\"eltd-section-title-inner\">\n                    <h6 class=\"eltd-st-subtitle\" >\n                <span>Bienvenue<\/span>\n            <\/h6>\n                            <h2 class=\"eltd-st-title \" >\n                <span class=\"eltd-st-before\"><\/span>\n                <span>Bonjour<\/span>\n            <\/h2>\n                            <p class=\"eltd-st-text\" style=\"font-size: 15px;line-height: 29px;margin: 30px 30px 0 30px\">Une histoire n\u00e9e de passion et transmise avec soin Fond\u00e9e en 2019 par Teis et Christel, accompagn\u00e9s de leurs deux enfants, La Ferme Le Pavillon est une maison d\u2019h\u00f4tes avec restaurant nich\u00e9e au c\u0153ur de la Provence. Pens\u00e9e comme un havre de paix o\u00f9 le temps ralentit, elle refl\u00e8te leur amour pour le design, la nature, la gastronomie et l\u2019art de vivre proven\u00e7al. Apr\u00e8s plusieurs ann\u00e9es de travail acharn\u00e9, \u00e0 r\u00e9nover, imaginer et faire grandir ce lieu unique, Teis et Christel ont choisi de passer le relais \u00e0 une \u00e9quipe passionn\u00e9e. S\u00e9lectionn\u00e9e avec soin, cette \u00e9quipe perp\u00e9tue aujourd\u2019hui leur vision : offrir \u00e0 chaque h\u00f4te une exp\u00e9rience sinc\u00e8re, g\u00e9n\u00e9reuse et apaisante. Ouverte de Mars \u00e0 fin Octobre, Ferme Le Pavillon continue de rayonner dans le m\u00eame esprit : celui d\u2019un lieu fa\u00e7onn\u00e9 avec c\u0153ur, o\u00f9 la beaut\u00e9 de la Provence, le design et la douceur de vivre se rencontrent en parfaite harmonie.<\/p>\n                    <\/div>\n<\/div>[vc_empty_space height=\u00a0\u00bb40px\u00a0\u00bb]\t\t<\/div>\n\t<\/div>\n<\/div><\/div><div class=\"eltd-elements-holder   eltd-two-columns  eltd-responsive-mode-768 \" ><div class=\"eltd-eh-item   eltd-horizontal-alignment-center \" style=\"background-color: #ffffff\" data-item-class=\"eltd-eh-custom-8663\" data-1280-1600=\"0 11% 0 11%\" data-1024-1280=\"0 11% 0 11%\" data-768-1024=\"0px 5% 0px 5%\" data-680-768=\"27% 14% 27% 14%\">\n\t<div class=\"eltd-eh-item-inner\">\n\t\t<div class=\"eltd-eh-item-content eltd-eh-custom-8663\" style=\"padding: 0 17% 0 17%\">\n\t\t\t<div class=\"eltd-section-title-holder eltd-separator-disabled  \" >\n    <div class=\"eltd-section-title-inner\">\n                    <h5 class=\"eltd-st-subtitle\" >\n                <span>Chambre d&#039;h\u00f4tes<\/span>\n            <\/h5>\n                            <h2 class=\"eltd-st-title \" >\n                <span class=\"eltd-st-before\"><\/span>\n                <span>Les Chambres<\/span>\n            <\/h2>\n                            <p class=\"eltd-st-text\" style=\"font-size: 15px;line-height: 29px;margin: 30px 30px 0 30px\">Nous souhaitons que votre s\u00e9jour \u00e0 Ferme Le Pavillon soit une exp\u00e9rience apaisante et sensorielle, o\u00f9 chaque d\u00e9tail invite \u00e0 ralentir et \u00e0 savourer l\u2019instant. Chaque espace a \u00e9t\u00e9 pens\u00e9 dans son ensemble : les couleurs, la lumi\u00e8re et les volumes s\u2019accordent avec naturel, m\u00ealant harmonieusement l\u2019ancien et le contemporain pour cr\u00e9er une atmosph\u00e8re douce et \u00e9quilibr\u00e9e. La maison principale abrite quatre chambres doubles, r\u00e9cemment r\u00e9nov\u00e9es dans un esprit \u00e0 la fois simple et raffin\u00e9. En face se trouve la bergerie avec deux grandes chambres familiales, l&#039;une pr\u00e8s de la pelouse et l&#039;autre pr\u00e8s de la piscine, dans un style plus rustique et authentique, qui respecte l&#039;ancien b\u00e2timent de la ferme.<\/p>\n                    <\/div>\n<\/div>[vc_empty_space height=\u00a0\u00bb40px\u00a0\u00bb]<a itemprop=\"url\" href=\"https:\/\/www.fermelepavillon.com\/fr\/chambres\/\" target=\"_self\"  class=\"eltd-btn eltd-btn-medium eltd-btn-solid eltd-btn-line-left eltd-btn-animation-enabled\"  >\n    <span class=\"eltd-btn-text\">Les Chambres<\/span>\n\n        \t<span class=\"eltd-btn-hover-overlay\" ><\/span>\n    \n    <\/a>\t\t<\/div>\n\t<\/div>\n<\/div><div class=\"eltd-eh-item    \"  data-item-class=\"eltd-eh-custom-7984\">\n\t<div class=\"eltd-eh-item-inner\">\n\t\t<div class=\"eltd-eh-item-content eltd-eh-custom-7984\" style=\"padding: 0 0 0 0\">\n\t\t\t<div class=\"eltd-image-gallery  eltd-ig-slider-type eltd-large-space   eltd-custom-nav eltd-custom-nav-right eltd-hide-pagination\">\n\t<div class=\"eltd-ig-slider eltd-owl-slider\" data-number-of-items=\"1\" data-enable-loop=\"yes\" data-enable-autoplay=\"yes\" data-slider-speed=\"5000\" data-slider-speed-animation=\"600\" data-slider-padding=\"no\" data-enable-navigation=\"yes\" data-enable-custom-navigation=\"yes\" data-enable-pagination=\"yes\" data-slider-animate-out=\"fadeOut\">\n\t\t\t\t\t<div class=\"eltd-ig-image\">\n\t\t\t\t\t\t\t\t\t<img data-recalc-dims=\"1\" loading=\"lazy\" decoding=\"async\" src=\"https:\/\/i0.wp.com\/www.fermelepavillon.com\/wp-content\/uploads\/2025\/01\/Room-4-Ferme-Le-Pavillon-6-1.jpeg?resize=1000%2C1000&#038;ssl=1\" alt=\"\" width=\"1000\" height=\"1000\" \/>\t\t\t\t\t\t\t<\/div>\n\t\t\t\t\t<div class=\"eltd-ig-image\">\n\t\t\t\t\t\t\t\t\t<img data-recalc-dims=\"1\" loading=\"lazy\" decoding=\"async\" src=\"https:\/\/i0.wp.com\/www.fermelepavillon.com\/wp-content\/uploads\/2025\/10\/FullSizeRender_VSCO-9-2.jpeg?resize=1000%2C1000&#038;ssl=1\" alt=\"\" width=\"1000\" height=\"1000\" \/>\t\t\t\t\t\t\t<\/div>\n\t\t\t<\/div>\n<\/div>\t\t<\/div>\n\t<\/div>\n<\/div><\/div><div class=\"eltd-elements-holder   eltd-two-columns  eltd-responsive-mode-768 \" ><div class=\"eltd-eh-item    \"  data-item-class=\"eltd-eh-custom-1207\">\n\t<div class=\"eltd-eh-item-inner\">\n\t\t<div class=\"eltd-eh-item-content eltd-eh-custom-1207\" style=\"padding: 0 0 0 0\">\n\t\t\t<div class=\"eltd-image-gallery  eltd-ig-slider-type eltd-large-space   eltd-custom-nav eltd-custom-nav-right eltd-hide-pagination\">\n\t<div class=\"eltd-ig-slider eltd-owl-slider\" data-number-of-items=\"1\" data-enable-loop=\"yes\" data-enable-autoplay=\"yes\" data-slider-speed=\"5000\" data-slider-speed-animation=\"600\" data-slider-padding=\"no\" data-enable-navigation=\"yes\" data-enable-custom-navigation=\"yes\" data-enable-pagination=\"yes\" data-slider-animate-out=\"fadeOut\">\n\t\t\t\t\t<div class=\"eltd-ig-image\">\n\t\t\t\t\t\t\t\t\t<img data-recalc-dims=\"1\" loading=\"lazy\" decoding=\"async\" src=\"https:\/\/i0.wp.com\/www.fermelepavillon.com\/wp-content\/uploads\/2025\/10\/FullSizeRender_VSCO-scaled.jpeg?resize=1000%2C1000&#038;ssl=1\" alt=\"\" width=\"1000\" height=\"1000\" \/>\t\t\t\t\t\t\t<\/div>\n\t\t\t\t\t<div class=\"eltd-ig-image\">\n\t\t\t\t\t\t\t\t\t<img data-recalc-dims=\"1\" loading=\"lazy\" decoding=\"async\" src=\"https:\/\/i0.wp.com\/www.fermelepavillon.com\/wp-content\/uploads\/2025\/10\/FullSizeRender_VSCO-12-scaled.jpeg?resize=1000%2C1000&#038;ssl=1\" alt=\"\" width=\"1000\" height=\"1000\" \/>\t\t\t\t\t\t\t<\/div>\n\t\t\t\t\t<div class=\"eltd-ig-image\">\n\t\t\t\t\t\t\t\t\t<img data-recalc-dims=\"1\" loading=\"lazy\" decoding=\"async\" src=\"https:\/\/i0.wp.com\/www.fermelepavillon.com\/wp-content\/uploads\/2025\/10\/FullSizeRender_VSCO-6-scaled.jpeg?resize=1000%2C1000&#038;ssl=1\" alt=\"\" width=\"1000\" height=\"1000\" \/>\t\t\t\t\t\t\t<\/div>\n\t\t\t\t\t<div class=\"eltd-ig-image\">\n\t\t\t\t\t\t\t\t\t<img data-recalc-dims=\"1\" loading=\"lazy\" decoding=\"async\" src=\"https:\/\/i0.wp.com\/www.fermelepavillon.com\/wp-content\/uploads\/2025\/03\/img_about_food05.webp?resize=1000%2C1000&#038;ssl=1\" alt=\"\" width=\"1000\" height=\"1000\" \/>\t\t\t\t\t\t\t<\/div>\n\t\t\t<\/div>\n<\/div>\t\t<\/div>\n\t<\/div>\n<\/div><div class=\"eltd-eh-item   eltd-horizontal-alignment-center \" style=\"background-color: #ffffff\" data-item-class=\"eltd-eh-custom-8943\" data-1280-1600=\"0 11% 0 11%\" data-1024-1280=\"0 11% 0 11%\" data-768-1024=\"0px 5% 0px 5%\" data-680-768=\"27% 14% 27% 14%\">\n\t<div class=\"eltd-eh-item-inner\">\n\t\t<div class=\"eltd-eh-item-content eltd-eh-custom-8943\" style=\"padding: 0 17% 0 17%\">\n\t\t\t<div class=\"eltd-section-title-holder eltd-separator-disabled  \" >\n    <div class=\"eltd-section-title-inner\">\n                    <h5 class=\"eltd-st-subtitle\" >\n                <span>Restauration<\/span>\n            <\/h5>\n                            <h2 class=\"eltd-st-title \" >\n                <span class=\"eltd-st-before\"><\/span>\n                <span>Philosophie de la cuisine<\/span>\n            <\/h2>\n                            <p class=\"eltd-st-text\" style=\"font-size: 15px;line-height: 29px;margin: 30px 30px 0 30px\">Notre restaurant gastronomique propose un voyage des sens, entre la lumi\u00e8re dor\u00e9e de la Provence et l\u2019\u00e2me \u00e9pur\u00e9e du Nord. Chaque assiette c\u00e9l\u00e8bre la terre, la saison et le geste juste, dans une cuisine o\u00f9 la simplicit\u00e9 devient art et o\u00f9 chaque saveur r\u00e9v\u00e8le une \u00e9motion sinc\u00e8re. Au d\u00e9jeuner, la carte s\u2019inspire du march\u00e9 et de l\u2019instant, pour une exp\u00e9rience conviviale et spontan\u00e9e, empreinte de fra\u00eecheur et de g\u00e9n\u00e9rosit\u00e9. Au d\u00eener, place \u00e0 un menu en plusieurs temps, v\u00e9ritable exp\u00e9rience gastronomique, o\u00f9 la cr\u00e9ativit\u00e9 s\u2019exprime avec finesse et \u00e9clat, dans un dialogue subtil entre nature, mati\u00e8re et \u00e9motion. Ici, la g\u00e9n\u00e9rosit\u00e9 du Sud rencontre l\u2019\u00e9l\u00e9gance scandinave, dans une harmonie lumineuse entre design, saveurs et art de vivre.<\/p>\n                    <\/div>\n<\/div>[vc_empty_space height=\u00a0\u00bb40px\u00a0\u00bb]<a itemprop=\"url\" href=\"https:\/\/www.fermelepavillon.com\/fr\/latable\/\" target=\"_self\"  class=\"eltd-btn eltd-btn-medium eltd-btn-solid eltd-btn-line-left eltd-btn-animation-enabled\"  >\n    <span class=\"eltd-btn-text\">Lire<\/span>\n\n        \t<span class=\"eltd-btn-hover-overlay\" ><\/span>\n    \n    <\/a>\t\t<\/div>\n\t<\/div>\n<\/div><\/div>[\/vc_column_inner][\/vc_row_inner][\/vc_column][\/vc_row]<\/p>\n","protected":false},"excerpt":{"rendered":"<p>[vc_row simple_background_color=\u00a0\u00bb#f7f8f9&Prime; css=\u00a0\u00bb.vc_custom_1511187963893{padding-top: 130px !important;padding-bottom: 130px !important;}\u00a0\u00bb][vc_column][vc_row_inner row_content_width=\u00a0\u00bbgrid\u00a0\u00bb][vc_column_inner][\/vc_column_inner][\/vc_row_inner][\/vc_column][\/vc_row]<\/p>\n","protected":false},"author":2,"featured_media":0,"parent":0,"menu_order":37,"comment_status":"closed","ping_status":"closed","template":"full-width.php","meta":{"om_disable_all_campaigns":false,"jetpack_post_was_ever_published":false,"footnotes":""},"class_list":["post-7695","page","type-page","status-publish","hentry"],"yoast_head":"<!-- This site is optimized with the Yoast SEO plugin v26.7 - https:\/\/yoast.com\/wordpress\/plugins\/seo\/ -->\n<title>D\u00e9couvrir - fermelepavillon<\/title>\n<meta name=\"description\" content=\"Ferme le Pavillon is a quiet spot centrally placed in Provence, in France. We have four rooms, a family room and an apartment. Whether it&#039;s summertime by the pool or an Autumn trip to Provence, book your next vacation in the southern in France.\" \/>\n<meta name=\"robots\" content=\"index, follow, max-snippet:-1, max-image-preview:large, max-video-preview:-1\" \/>\n<link rel=\"canonical\" href=\"https:\/\/www.fermelepavillon.com\/fr\/decouvrir\/\" \/>\n<meta property=\"og:locale\" content=\"fr_FR\" \/>\n<meta property=\"og:type\" content=\"article\" \/>\n<meta property=\"og:title\" content=\"D\u00e9couvrir - fermelepavillon\" \/>\n<meta property=\"og:description\" content=\"Ferme le Pavillon is a quiet spot centrally placed in Provence, in France. We have four rooms, a family room and an apartment. Whether it&#039;s summertime by the pool or an Autumn trip to Provence, book your next vacation in the southern in France.\" \/>\n<meta property=\"og:url\" content=\"https:\/\/www.fermelepavillon.com\/fr\/decouvrir\/\" \/>\n<meta property=\"og:site_name\" content=\"fermelepavillon\" \/>\n<meta property=\"article:publisher\" content=\"https:\/\/www.facebook.com\/Ferme-le-Pavillon-511026409429922\/\" \/>\n<meta property=\"article:modified_time\" content=\"2026-03-26T22:31:28+00:00\" \/>\n<meta property=\"og:image\" content=\"https:\/\/i0.wp.com\/www.fermelepavillon.com\/wp-content\/uploads\/2025\/03\/Ferme-Le-Pavillon.webp?fit=710%2C512&ssl=1\" \/>\n\t<meta property=\"og:image:width\" content=\"710\" \/>\n\t<meta property=\"og:image:height\" content=\"512\" \/>\n\t<meta property=\"og:image:type\" content=\"image\/webp\" \/>\n<meta name=\"twitter:card\" content=\"summary_large_image\" \/>\n<meta name=\"twitter:label1\" content=\"Dur\u00e9e de lecture estim\u00e9e\" \/>\n\t<meta name=\"twitter:data1\" content=\"3 minutes\" \/>\n<script type=\"application\/ld+json\" class=\"yoast-schema-graph\">{\"@context\":\"https:\/\/schema.org\",\"@graph\":[{\"@type\":\"WebPage\",\"@id\":\"https:\/\/www.fermelepavillon.com\/fr\/decouvrir\/\",\"url\":\"https:\/\/www.fermelepavillon.com\/fr\/decouvrir\/\",\"name\":\"D\u00e9couvrir - fermelepavillon\",\"isPartOf\":{\"@id\":\"https:\/\/www.fermelepavillon.com\/fr\/#website\"},\"datePublished\":\"2020-05-07T14:24:51+00:00\",\"dateModified\":\"2026-03-26T22:31:28+00:00\",\"description\":\"Ferme le Pavillon is a quiet spot centrally placed in Provence, in France. We have four rooms, a family room and an apartment. Whether it's summertime by the pool or an Autumn trip to Provence, book your next vacation in the southern in France.\",\"breadcrumb\":{\"@id\":\"https:\/\/www.fermelepavillon.com\/fr\/decouvrir\/#breadcrumb\"},\"inLanguage\":\"fr-FR\",\"potentialAction\":[{\"@type\":\"ReadAction\",\"target\":[\"https:\/\/www.fermelepavillon.com\/fr\/decouvrir\/\"]}]},{\"@type\":\"BreadcrumbList\",\"@id\":\"https:\/\/www.fermelepavillon.com\/fr\/decouvrir\/#breadcrumb\",\"itemListElement\":[{\"@type\":\"ListItem\",\"position\":1,\"name\":\"Accueil\",\"item\":\"https:\/\/www.fermelepavillon.com\/fr\/home\/\"},{\"@type\":\"ListItem\",\"position\":2,\"name\":\"D\u00e9couvrir\"}]},{\"@type\":\"WebSite\",\"@id\":\"https:\/\/www.fermelepavillon.com\/fr\/#website\",\"url\":\"https:\/\/www.fermelepavillon.com\/fr\/\",\"name\":\"Ferme Le Pavillon\",\"description\":\"Rooms &amp; Restaurant in the Southern France\",\"alternateName\":\"FLP\",\"potentialAction\":[{\"@type\":\"SearchAction\",\"target\":{\"@type\":\"EntryPoint\",\"urlTemplate\":\"https:\/\/www.fermelepavillon.com\/fr\/?s={search_term_string}\"},\"query-input\":{\"@type\":\"PropertyValueSpecification\",\"valueRequired\":true,\"valueName\":\"search_term_string\"}}],\"inLanguage\":\"fr-FR\"}]}<\/script>\n<!-- \/ Yoast SEO plugin. -->","yoast_head_json":{"title":"D\u00e9couvrir - fermelepavillon","description":"Ferme le Pavillon is a quiet spot centrally placed in Provence, in France. We have four rooms, a family room and an apartment. Whether it's summertime by the pool or an Autumn trip to Provence, book your next vacation in the southern in France.","robots":{"index":"index","follow":"follow","max-snippet":"max-snippet:-1","max-image-preview":"max-image-preview:large","max-video-preview":"max-video-preview:-1"},"canonical":"https:\/\/www.fermelepavillon.com\/fr\/decouvrir\/","og_locale":"fr_FR","og_type":"article","og_title":"D\u00e9couvrir - fermelepavillon","og_description":"Ferme le Pavillon is a quiet spot centrally placed in Provence, in France. We have four rooms, a family room and an apartment. Whether it's summertime by the pool or an Autumn trip to Provence, book your next vacation in the southern in France.","og_url":"https:\/\/www.fermelepavillon.com\/fr\/decouvrir\/","og_site_name":"fermelepavillon","article_publisher":"https:\/\/www.facebook.com\/Ferme-le-Pavillon-511026409429922\/","article_modified_time":"2026-03-26T22:31:28+00:00","og_image":[{"width":710,"height":512,"url":"https:\/\/i0.wp.com\/www.fermelepavillon.com\/wp-content\/uploads\/2025\/03\/Ferme-Le-Pavillon.webp?fit=710%2C512&ssl=1","type":"image\/webp"}],"twitter_card":"summary_large_image","twitter_misc":{"Dur\u00e9e de lecture estim\u00e9e":"3 minutes"},"schema":{"@context":"https:\/\/schema.org","@graph":[{"@type":"WebPage","@id":"https:\/\/www.fermelepavillon.com\/fr\/decouvrir\/","url":"https:\/\/www.fermelepavillon.com\/fr\/decouvrir\/","name":"D\u00e9couvrir - fermelepavillon","isPartOf":{"@id":"https:\/\/www.fermelepavillon.com\/fr\/#website"},"datePublished":"2020-05-07T14:24:51+00:00","dateModified":"2026-03-26T22:31:28+00:00","description":"Ferme le Pavillon is a quiet spot centrally placed in Provence, in France. We have four rooms, a family room and an apartment. Whether it's summertime by the pool or an Autumn trip to Provence, book your next vacation in the southern in France.","breadcrumb":{"@id":"https:\/\/www.fermelepavillon.com\/fr\/decouvrir\/#breadcrumb"},"inLanguage":"fr-FR","potentialAction":[{"@type":"ReadAction","target":["https:\/\/www.fermelepavillon.com\/fr\/decouvrir\/"]}]},{"@type":"BreadcrumbList","@id":"https:\/\/www.fermelepavillon.com\/fr\/decouvrir\/#breadcrumb","itemListElement":[{"@type":"ListItem","position":1,"name":"Accueil","item":"https:\/\/www.fermelepavillon.com\/fr\/home\/"},{"@type":"ListItem","position":2,"name":"D\u00e9couvrir"}]},{"@type":"WebSite","@id":"https:\/\/www.fermelepavillon.com\/fr\/#website","url":"https:\/\/www.fermelepavillon.com\/fr\/","name":"Ferme Le Pavillon","description":"Rooms &amp; Restaurant in the Southern France","alternateName":"FLP","potentialAction":[{"@type":"SearchAction","target":{"@type":"EntryPoint","urlTemplate":"https:\/\/www.fermelepavillon.com\/fr\/?s={search_term_string}"},"query-input":{"@type":"PropertyValueSpecification","valueRequired":true,"valueName":"search_term_string"}}],"inLanguage":"fr-FR"}]}},"jetpack_sharing_enabled":true,"jetpack_shortlink":"https:\/\/wp.me\/PaSCF6-207","jetpack-related-posts":[{"id":6473,"url":"https:\/\/www.fermelepavillon.com\/en\/about\/","url_meta":{"origin":7695,"position":0},"title":"About","author":"Christel Nellemann","date":"19 f\u00e9vrier 2019","format":false,"excerpt":"[vc_row simple_background_color=\"#f7f8f9\" css=\".vc_custom_1511187963893{padding-top: 130px !important;padding-bottom: 130px !important;}\"][vc_column][vc_row_inner row_content_width=\"grid\"][vc_column_inner][\/vc_column_inner][\/vc_row_inner][\/vc_column][\/vc_row]","rel":"","context":"Article similaire","block_context":{"text":"Article similaire","link":""},"img":{"alt_text":"","src":"","width":0,"height":0},"classes":[]},{"id":1089,"url":"https:\/\/www.fermelepavillon.com\/fr\/home-page\/","url_meta":{"origin":7695,"position":1},"title":"Ferme le Pavillon","author":"Christel Nellemann","date":"15 novembre 2017","format":false,"excerpt":"[vc_row][vc_column][\/vc_column][\/vc_row][vc_row row_content_width=\"grid\" css=\".vc_custom_1612519300178{padding-top: 40px !important;padding-bottom: 79px !important;}\"][vc_column width=\"1\/3\"][\/vc_column][vc_column width=\"2\/3\"][\/vc_column][\/vc_row][vc_row css=\".vc_custom_1511425817892{margin-right: 30px !important;margin-bottom: 30px !important;margin-left: 30px !important;background-color: #f8f6f8 !important;background-position: center !important;background-repeat: no-repeat !important;background-size: contain !important;}\"][vc_column][\/vc_column][\/vc_row][vc_row css=\".vc_custom_1511425817892{margin-right: 30px !important;margin-bottom: 30px !important;margin-left: 30px !important;background-color: #f8f6f8 !important;background-position: center !important;background-repeat: no-repeat !important;background-size: contain !important;}\"][vc_column][\/vc_column][\/vc_row][vc_row content_text_aligment=\"center\" parallax_background_image=\"6617\" css=\".vc_custom_1550679720952{margin-right: 30px !important;margin-bottom: 30px !important;margin-left: 30px !important;}\"][vc_column][\/vc_column][\/vc_row][vc_row][vc_column][vc_single_image image=\"8429\" img_size=\"full\"][\/vc_column][\/vc_row]","rel":"","context":"Article similaire","block_context":{"text":"Article similaire","link":""},"img":{"alt_text":"","src":"","width":0,"height":0},"classes":[]},{"id":7250,"url":"https:\/\/www.fermelepavillon.com\/da\/home-page-3-2\/","url_meta":{"origin":7695,"position":2},"title":"ancienne page home","author":"Christophe Vedel","date":"4 avril 2019","format":false,"excerpt":"[vc_row][vc_column][\/vc_column][\/vc_row][vc_row css=\".vc_custom_1511425817892{margin-right: 30px !important;margin-bottom: 30px !important;margin-left: 30px !important;background-color: #f8f6f8 !important;background-position: center !important;background-repeat: no-repeat !important;background-size: contain !important;}\"][vc_column][\/vc_column][\/vc_row][vc_row content_text_aligment=\"center\" parallax_background_image=\"6617\" css=\".vc_custom_1550679720952{margin-right: 30px !important;margin-bottom: 30px !important;margin-left: 30px !important;}\"][vc_column][\/vc_column][\/vc_row][vc_row][vc_column][\/vc_column][\/vc_row]","rel":"","context":"Article similaire","block_context":{"text":"Article similaire","link":""},"img":{"alt_text":"","src":"","width":0,"height":0},"classes":[]},{"id":7932,"url":"https:\/\/www.fermelepavillon.com\/da\/kontakt\/","url_meta":{"origin":7695,"position":3},"title":"Kontakt","author":"Christel Nellemann","date":"5 f\u00e9vrier 2021","format":false,"excerpt":"[vc_row][vc_column][vc_empty_space height=\"50px\"][\/vc_column][\/vc_row][vc_row row_content_width=\"grid\" css=\".vc_custom_1511960062891{padding-top: 112px !important;padding-bottom: 140px !important;}\"][vc_column width=\"1\/2\" offset=\"vc_col-lg-6 vc_col-md-12\"][\/vc_column][vc_column width=\"1\/2\" offset=\"vc_col-lg-6 vc_col-md-12\"][vc_empty_space height=\"80px\"][vc_column_text]TILMELDING NYHEDSBREV[\/vc_column_text][\/vc_column][\/vc_row][vc_row disable_element=\"yes\"][vc_column][\/vc_column][\/vc_row]","rel":"","context":"Article similaire","block_context":{"text":"Article similaire","link":""},"img":{"alt_text":"","src":"","width":0,"height":0},"classes":[]},{"id":7773,"url":"https:\/\/www.fermelepavillon.com\/fr\/contact\/","url_meta":{"origin":7695,"position":4},"title":"Contact","author":"Christel Nellemann","date":"11 mai 2020","format":false,"excerpt":"[vc_row][vc_column][vc_empty_space height=\"50px\"][\/vc_column][\/vc_row][vc_row row_content_width=\"grid\" css=\".vc_custom_1511960062891{padding-top: 112px !important;padding-bottom: 140px !important;}\"][vc_column width=\"1\/2\" offset=\"vc_col-lg-6 vc_col-md-12\"][\/vc_column][vc_column width=\"1\/2\" offset=\"vc_col-lg-6 vc_col-md-12\"][vc_empty_space height=\"90px\"][vc_column_text]INSCRIPTION NEWSLETTER[\/vc_column_text][\/vc_column][\/vc_row][vc_row disable_element=\"yes\"][vc_column][\/vc_column][\/vc_row]","rel":"","context":"Article similaire","block_context":{"text":"Article similaire","link":""},"img":{"alt_text":"","src":"","width":0,"height":0},"classes":[]},{"id":229,"url":"https:\/\/www.fermelepavillon.com\/en\/get-in-touch\/","url_meta":{"origin":7695,"position":5},"title":"Get in touch","author":"Christel Nellemann","date":"3 novembre 2017","format":false,"excerpt":"[vc_row][vc_column][vc_empty_space height=\"50px\"][\/vc_column][\/vc_row][vc_row row_content_width=\"grid\" css=\".vc_custom_1511960062891{padding-top: 112px !important;padding-bottom: 140px !important;}\"][vc_column width=\"1\/2\" offset=\"vc_col-lg-6 vc_col-md-12\"][\/vc_column][vc_column width=\"1\/2\" offset=\"vc_col-lg-6 vc_col-md-12\"][vc_empty_space height=\"90px\"][vc_column_text]SUBSCRIBE NEWSLETTER[\/vc_column_text][\/vc_column][\/vc_row][vc_row disable_element=\"yes\"][vc_column][\/vc_column][\/vc_row]","rel":"","context":"Article similaire","block_context":{"text":"Article similaire","link":""},"img":{"alt_text":"","src":"","width":0,"height":0},"classes":[]}],"_links":{"self":[{"href":"https:\/\/www.fermelepavillon.com\/fr\/wp-json\/wp\/v2\/pages\/7695","targetHints":{"allow":["GET"]}}],"collection":[{"href":"https:\/\/www.fermelepavillon.com\/fr\/wp-json\/wp\/v2\/pages"}],"about":[{"href":"https:\/\/www.fermelepavillon.com\/fr\/wp-json\/wp\/v2\/types\/page"}],"author":[{"embeddable":true,"href":"https:\/\/www.fermelepavillon.com\/fr\/wp-json\/wp\/v2\/users\/2"}],"replies":[{"embeddable":true,"href":"https:\/\/www.fermelepavillon.com\/fr\/wp-json\/wp\/v2\/comments?post=7695"}],"version-history":[{"count":30,"href":"https:\/\/www.fermelepavillon.com\/fr\/wp-json\/wp\/v2\/pages\/7695\/revisions"}],"predecessor-version":[{"id":7713,"href":"https:\/\/www.fermelepavillon.com\/fr\/wp-json\/wp\/v2\/pages\/7695\/revisions\/7713"}],"wp:attachment":[{"href":"https:\/\/www.fermelepavillon.com\/fr\/wp-json\/wp\/v2\/media?parent=7695"}],"curies":[{"name":"wp","href":"https:\/\/api.w.org\/{rel}","templated":true}]}}